{"id":342,"date":"2013-12-12T13:18:35","date_gmt":"2013-12-12T12:18:35","guid":{"rendered":"https:\/\/jkm.webkonzeption.info\/?page_id=342"},"modified":"2024-06-18T14:51:36","modified_gmt":"2024-06-18T12:51:36","slug":"austellungen","status":"publish","type":"page","link":"https:\/\/juedischekulturmuenchen.de\/?page_id=342","title":{"rendered":"Ausstellungen"},"content":{"rendered":"<p>Die Gesellschaft zur F\u00f6rderung j\u00fcdischer Kultur und Tradition e.V. realisiert umfangreiche Dokumentationsausstellungen j\u00fcdischer Geschichte, um somit die verschiedensten Aspekte j\u00fcdischer Kultur, gepr\u00e4gt von den L\u00e4ndern, in denen sich Juden ansiedelten, aufzuzeigen. Um der Gefahr des Vergessens zu begegnen, soll mit derartigen Ausstellungen auch an historische Schl\u00fcsselereignisse erinnert werden. Begleitet werden die Ausstellungen von informativen Rahmenprogrammen mit Vortr\u00e4gen, Filmen und k\u00fcnstlerischen Darbietungen.<br \/>\n<!--more--><br \/>\n<strong>Erfahren Sie mehr \u00fcber die Ausstellungen:<\/strong><br \/>\n<a title=\"Joseph Roth im Exil\" href=\"https:\/\/juedischekulturmuenchen.de\/?p=23\">Joseph Roth im Exil 1933 bis 1939<\/a><br \/>\n<a title=\"\u201eHoffnung trotz allem\u2026\u201c \u2013 J\u00fcdisches Leben in Bayern 1945 bis heute\" href=\"https:\/\/juedischekulturmuenchen.de\/?p=27\">&#8222;Hoffnung trotz allem&#8230;&#8220; &#8211; J\u00fcdisches Leben in Bayern 1945 bis heute<\/a><\/p>\n<h6>Kontakt<\/h6>\n<p><a href=\"mailto:info@juedischekulturmuenchen.de\">info@juedischekulturmuenchen.de<\/a><\/p>\n","protected":false},"excerpt":{"rendered":"<p>Die Gesellschaft zur F\u00f6rderung j\u00fcdischer Kultur und Tradition e.V. realisiert umfangreiche Dokumentationsausstellungen j\u00fcdischer Geschichte, um somit die verschiedensten Aspekte j\u00fcdischer Kultur, gepr\u00e4gt von den L\u00e4ndern, in denen sich Juden ansiedelten, aufzuzeigen. Um der Gefahr des Vergessens zu begegnen, soll mit derartigen Ausstellungen auch an historische Schl\u00fcsselereignisse erinnert werden. Begleitet werden die Ausstellungen von informativen Rahmenprogrammen [&hellip;]<\/p>\n","protected":false},"author":2,"featured_media":0,"parent":0,"menu_order":0,"comment_status":"closed","ping_status":"closed","template":"","meta":{"footnotes":""},"class_list":["post-342","page","type-page","status-publish","hentry"],"_links":{"self":[{"href":"https:\/\/juedischekulturmuenchen.de\/index.php?rest_route=\/wp\/v2\/pages\/342","targetHints":{"allow":["GET"]}}],"collection":[{"href":"https:\/\/juedischekulturmuenchen.de\/index.php?rest_route=\/wp\/v2\/pages"}],"about":[{"href":"https:\/\/juedischekulturmuenchen.de\/index.php?rest_route=\/wp\/v2\/types\/page"}],"author":[{"embeddable":true,"href":"https:\/\/juedischekulturmuenchen.de\/index.php?rest_route=\/wp\/v2\/users\/2"}],"replies":[{"embeddable":true,"href":"https:\/\/juedischekulturmuenchen.de\/index.php?rest_route=%2Fwp%2Fv2%2Fcomments&post=342"}],"version-history":[{"count":6,"href":"https:\/\/juedischekulturmuenchen.de\/index.php?rest_route=\/wp\/v2\/pages\/342\/revisions"}],"predecessor-version":[{"id":2329,"href":"https:\/\/juedischekulturmuenchen.de\/index.php?rest_route=\/wp\/v2\/pages\/342\/revisions\/2329"}],"wp:attachment":[{"href":"https:\/\/juedischekulturmuenchen.de\/index.php?rest_route=%2Fwp%2Fv2%2Fmedia&parent=342"}],"curies":[{"name":"wp","href":"https:\/\/api.w.org\/{rel}","templated":true}]}}